{"id":2674,"date":"2023-09-11T10:53:15","date_gmt":"2023-09-11T15:53:15","guid":{"rendered":"http:\/\/festivales.espol.edu.ec\/smov\/smov\/?page_id=2674"},"modified":"2023-10-05T11:14:52","modified_gmt":"2023-10-05T16:14:52","slug":"invitados-2023","status":"publish","type":"page","link":"https:\/\/festivales.espol.edu.ec\/smov\/invitados-2023\/","title":{"rendered":"Invitados 2023"},"content":{"rendered":"\t\t<div data-elementor-type=\"wp-page\" data-elementor-id=\"2674\" class=\"elementor elementor-2674\">\n\t\t\t\t\t\t<section class=\"elementor-section elementor-top-section elementor-element elementor-element-5btgcni elementor-section-boxed elementor-section-height-default elementor-section-height-default\" data-id=\"5btgcni\" data-element_type=\"section\">\n\t\t\t\t\t\t<div class=\"elementor-container elementor-column-gap-narrow\">\n\t\t\t\t\t<div class=\"elementor-column elementor-col-100 elementor-top-column elementor-element elementor-element-3edb3e6\" data-id=\"3edb3e6\" data-element_type=\"column\">\n\t\t\t<div class=\"elementor-widget-wrap elementor-element-populated\">\n\t\t\t\t\t\t<section class=\"elementor-section elementor-inner-section elementor-element elementor-element-f18eb3f elementor-section-boxed elementor-section-height-default elementor-section-height-default\" data-id=\"f18eb3f\" data-element_type=\"section\">\n\t\t\t\t\t\t<div class=\"elementor-container elementor-column-gap-custom\">\n\t\t\t\t\t<div class=\"elementor-column elementor-col-25 elementor-inner-column elementor-element elementor-element-e6adec4\" data-id=\"e6adec4\" data-element_type=\"column\" data-settings=\"{&quot;background_background&quot;:&quot;classic&quot;}\">\n\t\t\t<div class=\"elementor-widget-wrap elementor-element-populated\">\n\t\t\t\t\t\t<div class=\"elementor-element elementor-element-e805f7f elementor-widget elementor-widget-image\" data-id=\"e805f7f\" data-element_type=\"widget\" data-widget_type=\"image.default\">\n\t\t\t\t<div class=\"elementor-widget-container\">\n\t\t\t\t\t\t\t\t\t\t\t\t\t\t\t<img decoding=\"async\" width=\"150\" height=\"150\" src=\"https:\/\/festivales.espol.edu.ec\/smov\/wp-content\/uploads\/2023\/09\/emma2-scaled-e1695045630279-150x150.jpg\" class=\"attachment-thumbnail size-thumbnail wp-image-2680\" alt=\"\" \/>\t\t\t\t\t\t\t\t\t\t\t\t\t\t\t<\/div>\n\t\t\t\t<\/div>\n\t\t\t\t<div class=\"elementor-element elementor-element-01f0e61 elementor-widget elementor-widget-image-box\" data-id=\"01f0e61\" data-element_type=\"widget\" data-widget_type=\"image-box.default\">\n\t\t\t\t<div class=\"elementor-widget-container\">\n\t\t\t\t\t<div class=\"elementor-image-box-wrapper\"><div class=\"elementor-image-box-content\"><h5 class=\"elementor-image-box-title\">Emma Camarero<\/h5><p class=\"elementor-image-box-description\">Doctora en Historia del Arte, profesora de Comunicaci\u00f3n. Directora del Servicio de Cultura y Formaci\u00f3n Complementaria. Universidad Loyola, Espa\u00f1a.<\/p><\/div><\/div>\t\t\t\t<\/div>\n\t\t\t\t<\/div>\n\t\t\t\t\t<\/div>\n\t\t<\/div>\n\t\t\t\t<div class=\"elementor-column elementor-col-25 elementor-inner-column elementor-element elementor-element-85b6183\" data-id=\"85b6183\" data-element_type=\"column\" data-settings=\"{&quot;background_background&quot;:&quot;classic&quot;}\">\n\t\t\t<div class=\"elementor-widget-wrap elementor-element-populated\">\n\t\t\t\t\t\t<div class=\"elementor-element elementor-element-2430362 elementor-widget elementor-widget-image\" data-id=\"2430362\" data-element_type=\"widget\" data-widget_type=\"image.default\">\n\t\t\t\t<div class=\"elementor-widget-container\">\n\t\t\t\t\t\t\t\t\t\t\t\t\t\t\t<img fetchpriority=\"high\" decoding=\"async\" width=\"973\" height=\"1024\" src=\"https:\/\/festivales.espol.edu.ec\/smov\/wp-content\/uploads\/2023\/09\/leyton-973x1024.png\" class=\"attachment-large size-large wp-image-3056\" alt=\"\" srcset=\"https:\/\/festivales.espol.edu.ec\/smov\/wp-content\/uploads\/2023\/09\/leyton-973x1024.png 973w, https:\/\/festivales.espol.edu.ec\/smov\/wp-content\/uploads\/2023\/09\/leyton-285x300.png 285w, https:\/\/festivales.espol.edu.ec\/smov\/wp-content\/uploads\/2023\/09\/leyton-768x808.png 768w, https:\/\/festivales.espol.edu.ec\/smov\/wp-content\/uploads\/2023\/09\/leyton.png 1066w\" sizes=\"(max-width: 973px) 100vw, 973px\" \/>\t\t\t\t\t\t\t\t\t\t\t\t\t\t\t<\/div>\n\t\t\t\t<\/div>\n\t\t\t\t<div class=\"elementor-element elementor-element-72ea03a elementor-widget elementor-widget-image-box\" data-id=\"72ea03a\" data-element_type=\"widget\" data-widget_type=\"image-box.default\">\n\t\t\t\t<div class=\"elementor-widget-container\">\n\t\t\t\t\t<div class=\"elementor-image-box-wrapper\"><div class=\"elementor-image-box-content\"><h5 class=\"elementor-image-box-title\">Marcelo Leyton<\/h5><p class=\"elementor-image-box-description\">Teatrista, docente, director de proyectos en comunidad, pedagog\u00eda e investigaci\u00f3n. y subdirector de la Escuela de Artes Esc\u00e9nicas (UARTES).<\/p><\/div><\/div>\t\t\t\t<\/div>\n\t\t\t\t<\/div>\n\t\t\t\t\t<\/div>\n\t\t<\/div>\n\t\t\t\t<div class=\"elementor-column elementor-col-25 elementor-inner-column elementor-element elementor-element-8c99614\" data-id=\"8c99614\" data-element_type=\"column\" data-settings=\"{&quot;background_background&quot;:&quot;classic&quot;}\">\n\t\t\t<div class=\"elementor-widget-wrap elementor-element-populated\">\n\t\t\t\t\t\t<div class=\"elementor-element elementor-element-2ed02fd elementor-widget elementor-widget-image\" data-id=\"2ed02fd\" data-element_type=\"widget\" data-widget_type=\"image.default\">\n\t\t\t\t<div class=\"elementor-widget-container\">\n\t\t\t\t\t\t\t\t\t\t\t\t\t\t\t<img decoding=\"async\" width=\"973\" height=\"1024\" src=\"https:\/\/festivales.espol.edu.ec\/smov\/wp-content\/uploads\/2023\/09\/foto-coba-973x1024.jpg\" class=\"attachment-large size-large wp-image-3034\" alt=\"\" srcset=\"https:\/\/festivales.espol.edu.ec\/smov\/wp-content\/uploads\/2023\/09\/foto-coba-973x1024.jpg 973w, https:\/\/festivales.espol.edu.ec\/smov\/wp-content\/uploads\/2023\/09\/foto-coba-285x300.jpg 285w, https:\/\/festivales.espol.edu.ec\/smov\/wp-content\/uploads\/2023\/09\/foto-coba-768x808.jpg 768w, https:\/\/festivales.espol.edu.ec\/smov\/wp-content\/uploads\/2023\/09\/foto-coba.jpg 1066w\" sizes=\"(max-width: 973px) 100vw, 973px\" \/>\t\t\t\t\t\t\t\t\t\t\t\t\t\t\t<\/div>\n\t\t\t\t<\/div>\n\t\t\t\t<div class=\"elementor-element elementor-element-b4b6fc2 elementor-widget elementor-widget-image-box\" data-id=\"b4b6fc2\" data-element_type=\"widget\" data-widget_type=\"image-box.default\">\n\t\t\t\t<div class=\"elementor-widget-container\">\n\t\t\t\t\t<div class=\"elementor-image-box-wrapper\"><div class=\"elementor-image-box-content\"><h5 class=\"elementor-image-box-title\">Juan Coba Caiza<\/h5><p class=\"elementor-image-box-description\">Master en estudios avanzados de Teatro. Actor, director y coordinador de proyectos culturales del\u00a0Teatro\u00a0Arawa.<\/p><\/div><\/div>\t\t\t\t<\/div>\n\t\t\t\t<\/div>\n\t\t\t\t\t<\/div>\n\t\t<\/div>\n\t\t\t\t<div class=\"elementor-column elementor-col-25 elementor-inner-column elementor-element elementor-element-586e095\" data-id=\"586e095\" data-element_type=\"column\" data-settings=\"{&quot;background_background&quot;:&quot;classic&quot;}\">\n\t\t\t<div class=\"elementor-widget-wrap elementor-element-populated\">\n\t\t\t\t\t\t<div class=\"elementor-element elementor-element-7da126d elementor-widget elementor-widget-image\" data-id=\"7da126d\" data-element_type=\"widget\" data-widget_type=\"image.default\">\n\t\t\t\t<div class=\"elementor-widget-container\">\n\t\t\t\t\t\t\t\t\t\t\t\t\t\t\t<img loading=\"lazy\" decoding=\"async\" width=\"973\" height=\"1024\" src=\"https:\/\/festivales.espol.edu.ec\/smov\/wp-content\/uploads\/2023\/09\/patricia-ortiz-bn-973x1024.jpg\" class=\"attachment-large size-large wp-image-2980\" alt=\"\" srcset=\"https:\/\/festivales.espol.edu.ec\/smov\/wp-content\/uploads\/2023\/09\/patricia-ortiz-bn-973x1024.jpg 973w, https:\/\/festivales.espol.edu.ec\/smov\/wp-content\/uploads\/2023\/09\/patricia-ortiz-bn-285x300.jpg 285w, https:\/\/festivales.espol.edu.ec\/smov\/wp-content\/uploads\/2023\/09\/patricia-ortiz-bn-768x808.jpg 768w, https:\/\/festivales.espol.edu.ec\/smov\/wp-content\/uploads\/2023\/09\/patricia-ortiz-bn.jpg 1066w\" sizes=\"(max-width: 973px) 100vw, 973px\" \/>\t\t\t\t\t\t\t\t\t\t\t\t\t\t\t<\/div>\n\t\t\t\t<\/div>\n\t\t\t\t<div class=\"elementor-element elementor-element-0becf25 elementor-widget elementor-widget-image-box\" data-id=\"0becf25\" data-element_type=\"widget\" data-widget_type=\"image-box.default\">\n\t\t\t\t<div class=\"elementor-widget-container\">\n\t\t\t\t\t<div class=\"elementor-image-box-wrapper\"><div class=\"elementor-image-box-content\"><h5 class=\"elementor-image-box-title\">Patricia Pauta <\/h5><p class=\"elementor-image-box-description\">Lcda. en Ciencias de la Educaci\u00f3n menci\u00f3n musicolog\u00eda y magister en Pedagog\u00eda e Investigaci\u00f3n musical. Docente titular y directora de cultura en UNAE.  <\/p><\/div><\/div>\t\t\t\t<\/div>\n\t\t\t\t<\/div>\n\t\t\t\t\t<\/div>\n\t\t<\/div>\n\t\t\t\t\t<\/div>\n\t\t<\/section>\n\t\t\t\t<section class=\"elementor-section elementor-inner-section elementor-element elementor-element-49773de elementor-section-boxed elementor-section-height-default elementor-section-height-default\" data-id=\"49773de\" data-element_type=\"section\">\n\t\t\t\t\t\t<div class=\"elementor-container elementor-column-gap-no\">\n\t\t\t\t\t<div class=\"elementor-column elementor-col-25 elementor-inner-column elementor-element elementor-element-e2c7df7\" data-id=\"e2c7df7\" data-element_type=\"column\" data-settings=\"{&quot;background_background&quot;:&quot;classic&quot;}\">\n\t\t\t<div class=\"elementor-widget-wrap elementor-element-populated\">\n\t\t\t\t\t\t<div class=\"elementor-element elementor-element-a722952 elementor-widget elementor-widget-image\" data-id=\"a722952\" data-element_type=\"widget\" data-widget_type=\"image.default\">\n\t\t\t\t<div class=\"elementor-widget-container\">\n\t\t\t\t\t\t\t\t\t\t\t\t\t\t\t<img loading=\"lazy\" decoding=\"async\" width=\"973\" height=\"1024\" src=\"https:\/\/festivales.espol.edu.ec\/smov\/wp-content\/uploads\/2023\/09\/cosme-bn-2-973x1024.jpg\" class=\"attachment-large size-large wp-image-2977\" alt=\"\" srcset=\"https:\/\/festivales.espol.edu.ec\/smov\/wp-content\/uploads\/2023\/09\/cosme-bn-2-973x1024.jpg 973w, https:\/\/festivales.espol.edu.ec\/smov\/wp-content\/uploads\/2023\/09\/cosme-bn-2-285x300.jpg 285w, https:\/\/festivales.espol.edu.ec\/smov\/wp-content\/uploads\/2023\/09\/cosme-bn-2-768x808.jpg 768w, https:\/\/festivales.espol.edu.ec\/smov\/wp-content\/uploads\/2023\/09\/cosme-bn-2.jpg 1066w\" sizes=\"(max-width: 973px) 100vw, 973px\" \/>\t\t\t\t\t\t\t\t\t\t\t\t\t\t\t<\/div>\n\t\t\t\t<\/div>\n\t\t\t\t<div class=\"elementor-element elementor-element-d7826f2 elementor-widget elementor-widget-image-box\" data-id=\"d7826f2\" data-element_type=\"widget\" data-widget_type=\"image-box.default\">\n\t\t\t\t<div class=\"elementor-widget-container\">\n\t\t\t\t\t<div class=\"elementor-image-box-wrapper\"><div class=\"elementor-image-box-content\"><h5 class=\"elementor-image-box-title\">Cosme Chal\u00e9n<\/h5><p class=\"elementor-image-box-description\">Productor musical y m\u00e1ster en interpretaci\u00f3n musical. Director de la Rondalla de la ESPOL y docente en la Escuela del Pasillo. <\/p><\/div><\/div>\t\t\t\t<\/div>\n\t\t\t\t<\/div>\n\t\t\t\t\t<\/div>\n\t\t<\/div>\n\t\t\t\t<div class=\"elementor-column elementor-col-25 elementor-inner-column elementor-element elementor-element-fabd8f1\" data-id=\"fabd8f1\" data-element_type=\"column\" data-settings=\"{&quot;background_background&quot;:&quot;classic&quot;}\">\n\t\t\t<div class=\"elementor-widget-wrap elementor-element-populated\">\n\t\t\t\t\t\t<div class=\"elementor-element elementor-element-cddce9c elementor-widget elementor-widget-image\" data-id=\"cddce9c\" data-element_type=\"widget\" data-widget_type=\"image.default\">\n\t\t\t\t<div class=\"elementor-widget-container\">\n\t\t\t\t\t\t\t\t\t\t\t\t\t\t\t<img loading=\"lazy\" decoding=\"async\" width=\"973\" height=\"1024\" src=\"https:\/\/festivales.espol.edu.ec\/smov\/wp-content\/uploads\/2023\/09\/Imagen-de-WhatsApp-2023-08-15-973x1024.jpg\" class=\"attachment-large size-large wp-image-2972\" alt=\"\" srcset=\"https:\/\/festivales.espol.edu.ec\/smov\/wp-content\/uploads\/2023\/09\/Imagen-de-WhatsApp-2023-08-15-973x1024.jpg 973w, https:\/\/festivales.espol.edu.ec\/smov\/wp-content\/uploads\/2023\/09\/Imagen-de-WhatsApp-2023-08-15-285x300.jpg 285w, https:\/\/festivales.espol.edu.ec\/smov\/wp-content\/uploads\/2023\/09\/Imagen-de-WhatsApp-2023-08-15-768x808.jpg 768w, https:\/\/festivales.espol.edu.ec\/smov\/wp-content\/uploads\/2023\/09\/Imagen-de-WhatsApp-2023-08-15.jpg 1070w\" sizes=\"(max-width: 973px) 100vw, 973px\" \/>\t\t\t\t\t\t\t\t\t\t\t\t\t\t\t<\/div>\n\t\t\t\t<\/div>\n\t\t\t\t<div class=\"elementor-element elementor-element-d6fde7c elementor-widget elementor-widget-image-box\" data-id=\"d6fde7c\" data-element_type=\"widget\" data-widget_type=\"image-box.default\">\n\t\t\t\t<div class=\"elementor-widget-container\">\n\t\t\t\t\t<div class=\"elementor-image-box-wrapper\"><div class=\"elementor-image-box-content\"><h5 class=\"elementor-image-box-title\">Jos\u00e9 Julio Suar\u00e9z<\/h5><p class=\"elementor-image-box-description\">Estudiante de 2do a\u00f1o de Ingenier\u00eda en Ciencias Computacionales en ESPOL. Guitarrista y compositor aficionado. <\/p><\/div><\/div>\t\t\t\t<\/div>\n\t\t\t\t<\/div>\n\t\t\t\t\t<\/div>\n\t\t<\/div>\n\t\t\t\t<div class=\"elementor-column elementor-col-25 elementor-inner-column elementor-element elementor-element-16b34ba\" data-id=\"16b34ba\" data-element_type=\"column\" data-settings=\"{&quot;background_background&quot;:&quot;classic&quot;}\">\n\t\t\t<div class=\"elementor-widget-wrap elementor-element-populated\">\n\t\t\t\t\t\t<div class=\"elementor-element elementor-element-90925a9 elementor-widget elementor-widget-image\" data-id=\"90925a9\" data-element_type=\"widget\" data-widget_type=\"image.default\">\n\t\t\t\t<div class=\"elementor-widget-container\">\n\t\t\t\t\t\t\t\t\t\t\t\t\t\t\t<img loading=\"lazy\" decoding=\"async\" width=\"973\" height=\"1024\" src=\"https:\/\/festivales.espol.edu.ec\/smov\/wp-content\/uploads\/2023\/10\/niels-973x1024.png\" class=\"attachment-large size-large wp-image-3115\" alt=\"\" srcset=\"https:\/\/festivales.espol.edu.ec\/smov\/wp-content\/uploads\/2023\/10\/niels-973x1024.png 973w, https:\/\/festivales.espol.edu.ec\/smov\/wp-content\/uploads\/2023\/10\/niels-285x300.png 285w, https:\/\/festivales.espol.edu.ec\/smov\/wp-content\/uploads\/2023\/10\/niels-768x808.png 768w, https:\/\/festivales.espol.edu.ec\/smov\/wp-content\/uploads\/2023\/10\/niels.png 1066w\" sizes=\"(max-width: 973px) 100vw, 973px\" \/>\t\t\t\t\t\t\t\t\t\t\t\t\t\t\t<\/div>\n\t\t\t\t<\/div>\n\t\t\t\t<div class=\"elementor-element elementor-element-769241e elementor-widget elementor-widget-image-box\" data-id=\"769241e\" data-element_type=\"widget\" data-widget_type=\"image-box.default\">\n\t\t\t\t<div class=\"elementor-widget-container\">\n\t\t\t\t\t<div class=\"elementor-image-box-wrapper\"><div class=\"elementor-image-box-content\"><h5 class=\"elementor-image-box-title\">Niels D\u00edaz<\/h5><p class=\"elementor-image-box-description\">Director de danza en el Instituto Superior Universitario Bolivariano. <\/p><\/div><\/div>\t\t\t\t<\/div>\n\t\t\t\t<\/div>\n\t\t\t\t\t<\/div>\n\t\t<\/div>\n\t\t\t\t<div class=\"elementor-column elementor-col-25 elementor-inner-column elementor-element elementor-element-ae73136\" data-id=\"ae73136\" data-element_type=\"column\" data-settings=\"{&quot;background_background&quot;:&quot;classic&quot;}\">\n\t\t\t<div class=\"elementor-widget-wrap elementor-element-populated\">\n\t\t\t\t\t\t<div class=\"elementor-element elementor-element-ac14d1a elementor-widget elementor-widget-image\" data-id=\"ac14d1a\" data-element_type=\"widget\" data-widget_type=\"image.default\">\n\t\t\t\t<div class=\"elementor-widget-container\">\n\t\t\t\t\t\t\t\t\t\t\t\t\t\t\t<img loading=\"lazy\" decoding=\"async\" width=\"973\" height=\"1024\" src=\"https:\/\/festivales.espol.edu.ec\/smov\/wp-content\/uploads\/2023\/09\/facultu-nand-973x1024.jpg\" class=\"attachment-large size-large wp-image-3020\" alt=\"\" srcset=\"https:\/\/festivales.espol.edu.ec\/smov\/wp-content\/uploads\/2023\/09\/facultu-nand-973x1024.jpg 973w, https:\/\/festivales.espol.edu.ec\/smov\/wp-content\/uploads\/2023\/09\/facultu-nand-285x300.jpg 285w, https:\/\/festivales.espol.edu.ec\/smov\/wp-content\/uploads\/2023\/09\/facultu-nand-768x808.jpg 768w, https:\/\/festivales.espol.edu.ec\/smov\/wp-content\/uploads\/2023\/09\/facultu-nand.jpg 1066w\" sizes=\"(max-width: 973px) 100vw, 973px\" \/>\t\t\t\t\t\t\t\t\t\t\t\t\t\t\t<\/div>\n\t\t\t\t<\/div>\n\t\t\t\t<div class=\"elementor-element elementor-element-4b4da69 elementor-widget elementor-widget-image-box\" data-id=\"4b4da69\" data-element_type=\"widget\" data-widget_type=\"image-box.default\">\n\t\t\t\t<div class=\"elementor-widget-container\">\n\t\t\t\t\t<div class=\"elementor-image-box-wrapper\"><div class=\"elementor-image-box-content\"><h5 class=\"elementor-image-box-title\">Faculty Band UCSG<\/h5><p class=\"elementor-image-box-description\">Un cuarteto de jazz compuesto por dedicados educadores de la Universidad Cat\u00f3lica De Santiago de Guayaquil.<\/p><\/div><\/div>\t\t\t\t<\/div>\n\t\t\t\t<\/div>\n\t\t\t\t\t<\/div>\n\t\t<\/div>\n\t\t\t\t\t<\/div>\n\t\t<\/section>\n\t\t\t\t<section class=\"elementor-section elementor-inner-section elementor-element elementor-element-ed06246 elementor-section-boxed elementor-section-height-default elementor-section-height-default\" data-id=\"ed06246\" data-element_type=\"section\">\n\t\t\t\t\t\t<div class=\"elementor-container elementor-column-gap-no\">\n\t\t\t\t\t<div class=\"elementor-column elementor-col-25 elementor-inner-column elementor-element elementor-element-78662d3\" data-id=\"78662d3\" data-element_type=\"column\" data-settings=\"{&quot;background_background&quot;:&quot;classic&quot;}\">\n\t\t\t<div class=\"elementor-widget-wrap elementor-element-populated\">\n\t\t\t\t\t\t<div class=\"elementor-element elementor-element-7546928 elementor-widget elementor-widget-image\" data-id=\"7546928\" data-element_type=\"widget\" data-widget_type=\"image.default\">\n\t\t\t\t<div class=\"elementor-widget-container\">\n\t\t\t\t\t\t\t\t\t\t\t\t\t\t\t<img loading=\"lazy\" decoding=\"async\" width=\"973\" height=\"1024\" src=\"https:\/\/festivales.espol.edu.ec\/smov\/wp-content\/uploads\/2023\/09\/fashiondbb-973x1024.jpg\" class=\"attachment-large size-large wp-image-3035\" alt=\"\" srcset=\"https:\/\/festivales.espol.edu.ec\/smov\/wp-content\/uploads\/2023\/09\/fashiondbb-973x1024.jpg 973w, https:\/\/festivales.espol.edu.ec\/smov\/wp-content\/uploads\/2023\/09\/fashiondbb-285x300.jpg 285w, https:\/\/festivales.espol.edu.ec\/smov\/wp-content\/uploads\/2023\/09\/fashiondbb-768x808.jpg 768w, https:\/\/festivales.espol.edu.ec\/smov\/wp-content\/uploads\/2023\/09\/fashiondbb.jpg 1066w\" sizes=\"(max-width: 973px) 100vw, 973px\" \/>\t\t\t\t\t\t\t\t\t\t\t\t\t\t\t<\/div>\n\t\t\t\t<\/div>\n\t\t\t\t<div class=\"elementor-element elementor-element-c7234d9 elementor-widget elementor-widget-image-box\" data-id=\"c7234d9\" data-element_type=\"widget\" data-widget_type=\"image-box.default\">\n\t\t\t\t<div class=\"elementor-widget-container\">\n\t\t\t\t\t<div class=\"elementor-image-box-wrapper\"><div class=\"elementor-image-box-content\"><h5 class=\"elementor-image-box-title\">Fashion Design by Bauhaus<\/h5><p class=\"elementor-image-box-description\">Dirigido por la Ing. Da Hee. Conocido por su enfoque minimalista y funcional mediante la creaci\u00f3n de piezas de moda y est\u00e9tica<\/p><\/div><\/div>\t\t\t\t<\/div>\n\t\t\t\t<\/div>\n\t\t\t\t\t<\/div>\n\t\t<\/div>\n\t\t\t\t<div class=\"elementor-column elementor-col-25 elementor-inner-column elementor-element elementor-element-903fc2e\" data-id=\"903fc2e\" data-element_type=\"column\" data-settings=\"{&quot;background_background&quot;:&quot;classic&quot;}\">\n\t\t\t<div class=\"elementor-widget-wrap elementor-element-populated\">\n\t\t\t\t\t\t<div class=\"elementor-element elementor-element-bf9daeb elementor-widget elementor-widget-image\" data-id=\"bf9daeb\" data-element_type=\"widget\" data-widget_type=\"image.default\">\n\t\t\t\t<div class=\"elementor-widget-container\">\n\t\t\t\t\t\t\t\t\t\t\t\t\t\t\t<img loading=\"lazy\" decoding=\"async\" width=\"973\" height=\"1024\" src=\"https:\/\/festivales.espol.edu.ec\/smov\/wp-content\/uploads\/2023\/10\/foto-de-dos-973x1024.png\" class=\"attachment-large size-large wp-image-3245\" alt=\"\" srcset=\"https:\/\/festivales.espol.edu.ec\/smov\/wp-content\/uploads\/2023\/10\/foto-de-dos-973x1024.png 973w, https:\/\/festivales.espol.edu.ec\/smov\/wp-content\/uploads\/2023\/10\/foto-de-dos-285x300.png 285w, https:\/\/festivales.espol.edu.ec\/smov\/wp-content\/uploads\/2023\/10\/foto-de-dos-768x808.png 768w, https:\/\/festivales.espol.edu.ec\/smov\/wp-content\/uploads\/2023\/10\/foto-de-dos.png 1066w\" sizes=\"(max-width: 973px) 100vw, 973px\" \/>\t\t\t\t\t\t\t\t\t\t\t\t\t\t\t<\/div>\n\t\t\t\t<\/div>\n\t\t\t\t<div class=\"elementor-element elementor-element-2faad20 elementor-widget elementor-widget-image-box\" data-id=\"2faad20\" data-element_type=\"widget\" data-widget_type=\"image-box.default\">\n\t\t\t\t<div class=\"elementor-widget-container\">\n\t\t\t\t\t<div class=\"elementor-image-box-wrapper\"><div class=\"elementor-image-box-content\"><h5 class=\"elementor-image-box-title\"> Taller Artilugios Animados <\/h5><p class=\"elementor-image-box-description\">Laboratorio de experimentaci\u00f3n artesanal y de investigaci\u00f3n art\u00edstica. <\/p><\/div><\/div>\t\t\t\t<\/div>\n\t\t\t\t<\/div>\n\t\t\t\t\t<\/div>\n\t\t<\/div>\n\t\t\t\t<div class=\"elementor-column elementor-col-25 elementor-inner-column elementor-element elementor-element-baad812\" data-id=\"baad812\" data-element_type=\"column\" data-settings=\"{&quot;background_background&quot;:&quot;classic&quot;}\">\n\t\t\t<div class=\"elementor-widget-wrap elementor-element-populated\">\n\t\t\t\t\t\t<div class=\"elementor-element elementor-element-a03fc21 elementor-widget elementor-widget-image\" data-id=\"a03fc21\" data-element_type=\"widget\" data-widget_type=\"image.default\">\n\t\t\t\t<div class=\"elementor-widget-container\">\n\t\t\t\t\t\t\t\t\t\t\t\t\t\t\t<img loading=\"lazy\" decoding=\"async\" width=\"973\" height=\"1024\" src=\"https:\/\/festivales.espol.edu.ec\/smov\/wp-content\/uploads\/2023\/09\/BBA-973x1024.jpg\" class=\"attachment-large size-large wp-image-3036\" alt=\"\" srcset=\"https:\/\/festivales.espol.edu.ec\/smov\/wp-content\/uploads\/2023\/09\/BBA-973x1024.jpg 973w, https:\/\/festivales.espol.edu.ec\/smov\/wp-content\/uploads\/2023\/09\/BBA-285x300.jpg 285w, https:\/\/festivales.espol.edu.ec\/smov\/wp-content\/uploads\/2023\/09\/BBA-768x808.jpg 768w, https:\/\/festivales.espol.edu.ec\/smov\/wp-content\/uploads\/2023\/09\/BBA.jpg 1066w\" sizes=\"(max-width: 973px) 100vw, 973px\" \/>\t\t\t\t\t\t\t\t\t\t\t\t\t\t\t<\/div>\n\t\t\t\t<\/div>\n\t\t\t\t<div class=\"elementor-element elementor-element-0872742 elementor-widget elementor-widget-image-box\" data-id=\"0872742\" data-element_type=\"widget\" data-widget_type=\"image-box.default\">\n\t\t\t\t<div class=\"elementor-widget-container\">\n\t\t\t\t\t<div class=\"elementor-image-box-wrapper\"><div class=\"elementor-image-box-content\"><h5 class=\"elementor-image-box-title\">Banda Blanca de la Armada de Ecuador<\/h5><p class=\"elementor-image-box-description\">Dirigido por el SUBS. SP. Pedro Castro Silva, la Banda Blanca, lleva por medio de la m\u00fasica la expresi\u00f3n viva del alma marinera.<\/p><\/div><\/div>\t\t\t\t<\/div>\n\t\t\t\t<\/div>\n\t\t\t\t\t<\/div>\n\t\t<\/div>\n\t\t\t\t<div class=\"elementor-column elementor-col-25 elementor-inner-column elementor-element elementor-element-a9bfefd\" data-id=\"a9bfefd\" data-element_type=\"column\" data-settings=\"{&quot;background_background&quot;:&quot;classic&quot;}\">\n\t\t\t<div class=\"elementor-widget-wrap elementor-element-populated\">\n\t\t\t\t\t\t<div class=\"elementor-element elementor-element-bc8995b elementor-widget elementor-widget-image\" data-id=\"bc8995b\" data-element_type=\"widget\" data-widget_type=\"image.default\">\n\t\t\t\t<div class=\"elementor-widget-container\">\n\t\t\t\t\t\t\t\t\t\t\t\t\t\t\t<img loading=\"lazy\" decoding=\"async\" width=\"973\" height=\"1024\" src=\"https:\/\/festivales.espol.edu.ec\/smov\/wp-content\/uploads\/2023\/10\/danza-itb-973x1024.png\" class=\"attachment-large size-large wp-image-3116\" alt=\"\" srcset=\"https:\/\/festivales.espol.edu.ec\/smov\/wp-content\/uploads\/2023\/10\/danza-itb-973x1024.png 973w, https:\/\/festivales.espol.edu.ec\/smov\/wp-content\/uploads\/2023\/10\/danza-itb-285x300.png 285w, https:\/\/festivales.espol.edu.ec\/smov\/wp-content\/uploads\/2023\/10\/danza-itb-768x808.png 768w, https:\/\/festivales.espol.edu.ec\/smov\/wp-content\/uploads\/2023\/10\/danza-itb.png 1066w\" sizes=\"(max-width: 973px) 100vw, 973px\" \/>\t\t\t\t\t\t\t\t\t\t\t\t\t\t\t<\/div>\n\t\t\t\t<\/div>\n\t\t\t\t<div class=\"elementor-element elementor-element-e79e05e elementor-widget elementor-widget-image-box\" data-id=\"e79e05e\" data-element_type=\"widget\" data-widget_type=\"image-box.default\">\n\t\t\t\t<div class=\"elementor-widget-container\">\n\t\t\t\t\t<div class=\"elementor-image-box-wrapper\"><div class=\"elementor-image-box-content\"><h5 class=\"elementor-image-box-title\">Grupo de danza ITB<\/h5><p class=\"elementor-image-box-description\">Manifestaci\u00f3n art\u00edstica fundada en 2023.  Promueve el talento art\u00edstico entre estudiantes. Han ganado reconocimiento nacional e internacional.<\/p><\/div><\/div>\t\t\t\t<\/div>\n\t\t\t\t<\/div>\n\t\t\t\t\t<\/div>\n\t\t<\/div>\n\t\t\t\t\t<\/div>\n\t\t<\/section>\n\t\t\t\t<section class=\"elementor-section elementor-inner-section elementor-element elementor-element-c3585cf elementor-section-boxed elementor-section-height-default elementor-section-height-default\" data-id=\"c3585cf\" data-element_type=\"section\">\n\t\t\t\t\t\t<div class=\"elementor-container elementor-column-gap-no\">\n\t\t\t\t\t<div class=\"elementor-column elementor-col-33 elementor-inner-column elementor-element elementor-element-52c6882\" data-id=\"52c6882\" data-element_type=\"column\" data-settings=\"{&quot;background_background&quot;:&quot;classic&quot;}\">\n\t\t\t<div class=\"elementor-widget-wrap elementor-element-populated\">\n\t\t\t\t\t\t<div class=\"elementor-element elementor-element-4a5595b elementor-widget elementor-widget-image\" data-id=\"4a5595b\" data-element_type=\"widget\" data-widget_type=\"image.default\">\n\t\t\t\t<div class=\"elementor-widget-container\">\n\t\t\t\t\t\t\t\t\t\t\t\t\t\t\t<img loading=\"lazy\" decoding=\"async\" width=\"973\" height=\"1024\" src=\"https:\/\/festivales.espol.edu.ec\/smov\/wp-content\/uploads\/2023\/10\/sofia-973x1024.png\" class=\"attachment-large size-large wp-image-3117\" alt=\"\" srcset=\"https:\/\/festivales.espol.edu.ec\/smov\/wp-content\/uploads\/2023\/10\/sofia-973x1024.png 973w, https:\/\/festivales.espol.edu.ec\/smov\/wp-content\/uploads\/2023\/10\/sofia-285x300.png 285w, https:\/\/festivales.espol.edu.ec\/smov\/wp-content\/uploads\/2023\/10\/sofia-768x808.png 768w, https:\/\/festivales.espol.edu.ec\/smov\/wp-content\/uploads\/2023\/10\/sofia.png 1066w\" sizes=\"(max-width: 973px) 100vw, 973px\" \/>\t\t\t\t\t\t\t\t\t\t\t\t\t\t\t<\/div>\n\t\t\t\t<\/div>\n\t\t\t\t<div class=\"elementor-element elementor-element-24e48e7 elementor-widget elementor-widget-image-box\" data-id=\"24e48e7\" data-element_type=\"widget\" data-widget_type=\"image-box.default\">\n\t\t\t\t<div class=\"elementor-widget-container\">\n\t\t\t\t\t<div class=\"elementor-image-box-wrapper\"><div class=\"elementor-image-box-content\"><h5 class=\"elementor-image-box-title\">Sof\u00eda Cabrera<\/h5><p class=\"elementor-image-box-description\">Comunicadora social. PhD en L\u00f3gica y Filosof\u00eda de la Ciencia por la Universidad de Salamanca. M\u00e1s de 15 a\u00f1os de experiencia en la gesti\u00f3n de propuestas de divulgaci\u00f3n cient\u00edfica. Actual Coordinadora de\u00a0ESPOL\u00a0divulga.<\/p><\/div><\/div>\t\t\t\t<\/div>\n\t\t\t\t<\/div>\n\t\t\t\t\t<\/div>\n\t\t<\/div>\n\t\t\t\t<div class=\"elementor-column elementor-col-33 elementor-inner-column elementor-element elementor-element-18dacce\" data-id=\"18dacce\" data-element_type=\"column\" data-settings=\"{&quot;background_background&quot;:&quot;classic&quot;}\">\n\t\t\t<div class=\"elementor-widget-wrap elementor-element-populated\">\n\t\t\t\t\t\t<div class=\"elementor-element elementor-element-f03d599 elementor-widget elementor-widget-image\" data-id=\"f03d599\" data-element_type=\"widget\" data-widget_type=\"image.default\">\n\t\t\t\t<div class=\"elementor-widget-container\">\n\t\t\t\t\t\t\t\t\t\t\t\t\t\t\t<img loading=\"lazy\" decoding=\"async\" width=\"973\" height=\"1024\" src=\"https:\/\/festivales.espol.edu.ec\/smov\/wp-content\/uploads\/2023\/10\/fotoo-973x1024.png\" class=\"attachment-large size-large wp-image-3118\" alt=\"\" srcset=\"https:\/\/festivales.espol.edu.ec\/smov\/wp-content\/uploads\/2023\/10\/fotoo-973x1024.png 973w, https:\/\/festivales.espol.edu.ec\/smov\/wp-content\/uploads\/2023\/10\/fotoo-285x300.png 285w, https:\/\/festivales.espol.edu.ec\/smov\/wp-content\/uploads\/2023\/10\/fotoo-768x808.png 768w, https:\/\/festivales.espol.edu.ec\/smov\/wp-content\/uploads\/2023\/10\/fotoo.png 1066w\" sizes=\"(max-width: 973px) 100vw, 973px\" \/>\t\t\t\t\t\t\t\t\t\t\t\t\t\t\t<\/div>\n\t\t\t\t<\/div>\n\t\t\t\t<div class=\"elementor-element elementor-element-3aa361a elementor-widget elementor-widget-image-box\" data-id=\"3aa361a\" data-element_type=\"widget\" data-widget_type=\"image-box.default\">\n\t\t\t\t<div class=\"elementor-widget-container\">\n\t\t\t\t\t<div class=\"elementor-image-box-wrapper\"><div class=\"elementor-image-box-content\"><h5 class=\"elementor-image-box-title\">Carlos Monsalve<\/h5><p class=\"elementor-image-box-description\">Primer Vicerrector de Investigaci\u00f3n, Desarrollo e Innovaci\u00f3n de ESPOL. Ph.D. en Ingenier\u00eda de Software, de la Universidad de Qu\u00e9bec (Canad\u00e1) Ha sido Presidente de la Secci\u00f3n Ecuador del IEEE, y Director Ejecutivo de la Corporaci\u00f3n Ecuatoriana para el Desarrollo de la Investigaci\u00f3n y la Academia\u00a0-CEDIA.\n<\/p><\/div><\/div>\t\t\t\t<\/div>\n\t\t\t\t<\/div>\n\t\t\t\t\t<\/div>\n\t\t<\/div>\n\t\t\t\t<div class=\"elementor-column elementor-col-33 elementor-inner-column elementor-element elementor-element-0a3f6b8\" data-id=\"0a3f6b8\" data-element_type=\"column\" data-settings=\"{&quot;background_background&quot;:&quot;classic&quot;}\">\n\t\t\t<div class=\"elementor-widget-wrap elementor-element-populated\">\n\t\t\t\t\t\t<div class=\"elementor-element elementor-element-a468932 elementor-widget elementor-widget-image\" data-id=\"a468932\" data-element_type=\"widget\" data-widget_type=\"image.default\">\n\t\t\t\t<div class=\"elementor-widget-container\">\n\t\t\t\t\t\t\t\t\t\t\t\t\t\t\t<img loading=\"lazy\" decoding=\"async\" width=\"973\" height=\"1024\" src=\"https:\/\/festivales.espol.edu.ec\/smov\/wp-content\/uploads\/2023\/10\/foto-jenny-973x1024.png\" class=\"attachment-large size-large wp-image-3246\" alt=\"\" srcset=\"https:\/\/festivales.espol.edu.ec\/smov\/wp-content\/uploads\/2023\/10\/foto-jenny-973x1024.png 973w, https:\/\/festivales.espol.edu.ec\/smov\/wp-content\/uploads\/2023\/10\/foto-jenny-285x300.png 285w, https:\/\/festivales.espol.edu.ec\/smov\/wp-content\/uploads\/2023\/10\/foto-jenny-768x808.png 768w, https:\/\/festivales.espol.edu.ec\/smov\/wp-content\/uploads\/2023\/10\/foto-jenny.png 1066w\" sizes=\"(max-width: 973px) 100vw, 973px\" \/>\t\t\t\t\t\t\t\t\t\t\t\t\t\t\t<\/div>\n\t\t\t\t<\/div>\n\t\t\t\t<div class=\"elementor-element elementor-element-db5e60e elementor-widget elementor-widget-image-box\" data-id=\"db5e60e\" data-element_type=\"widget\" data-widget_type=\"image-box.default\">\n\t\t\t\t<div class=\"elementor-widget-container\">\n\t\t\t\t\t<div class=\"elementor-image-box-wrapper\"><div class=\"elementor-image-box-content\"><h5 class=\"elementor-image-box-title\">Jenny Villafuerte<\/h5><p class=\"elementor-image-box-description\">Cantautora y productora musical, infunde en cada actuaci\u00f3n una emoci\u00f3n sincera y una expresi\u00f3n art\u00edstica. Como educador musical, su talento vocal y su destreza en la ense\u00f1anza crean una hermosa sinergia que encanta\u00a0al\u00a0p\u00fablico.<\/p><\/div><\/div>\t\t\t\t<\/div>\n\t\t\t\t<\/div>\n\t\t\t\t\t<\/div>\n\t\t<\/div>\n\t\t\t\t\t<\/div>\n\t\t<\/section>\n\t\t\t\t\t<\/div>\n\t\t<\/div>\n\t\t\t\t\t<\/div>\n\t\t<\/section>\n\t\t\t\t<\/div>\n\t\t","protected":false},"excerpt":{"rendered":"<p>INVITADOS Emma Camarero Doctora en Historia del Arte, profesora de Comunicaci\u00f3n. Directora del Servicio de Cultura y Formaci\u00f3n Complementaria. Universidad Loyola, Espa\u00f1a. Marcelo Leyton Teatrista, docente, director de proyectos en comunidad, pedagog\u00eda e investigaci\u00f3n. y subdirector de la Escuela de Artes Esc\u00e9nicas (UARTES). Juan Coba Caiza Master en estudios avanzados de Teatro. Actor, director y [&hellip;]<\/p>\n","protected":false},"author":870,"featured_media":0,"parent":0,"menu_order":0,"comment_status":"closed","ping_status":"closed","template":"","meta":{"_uag_custom_page_level_css":"","site-sidebar-layout":"no-sidebar","site-content-layout":"page-builder","ast-site-content-layout":"full-width-container","site-content-style":"default","site-sidebar-style":"default","ast-global-header-display":"","ast-banner-title-visibility":"","ast-main-header-display":"","ast-hfb-above-header-display":"","ast-hfb-below-header-display":"","ast-hfb-mobile-header-display":"","site-post-title":"disabled","ast-breadcrumbs-content":"","ast-featured-img":"disabled","footer-sml-layout":"","theme-transparent-header-meta":"","adv-header-id-meta":"","stick-header-meta":"","header-above-stick-meta":"","header-main-stick-meta":"","header-below-stick-meta":"","astra-migrate-meta-layouts":"set","ast-page-background-enabled":"default","ast-page-background-meta":{"desktop":{"background-color":"var(--ast-global-color-4)","background-image":"","background-repeat":"repeat","background-position":"center center","background-size":"auto","background-attachment":"scroll","background-type":"","background-media":"","overlay-type":"","overlay-color":"","overlay-opacity":"","overlay-gradient":""},"tablet":{"background-color":"","background-image":"","background-repeat":"repeat","background-position":"center center","background-size":"auto","background-attachment":"scroll","background-type":"","background-media":"","overlay-type":"","overlay-color":"","overlay-opacity":"","overlay-gradient":""},"mobile":{"background-color":"","background-image":"","background-repeat":"repeat","background-position":"center center","background-size":"auto","background-attachment":"scroll","background-type":"","background-media":"","overlay-type":"","overlay-color":"","overlay-opacity":"","overlay-gradient":""}},"ast-content-background-meta":{"desktop":{"background-color":"var(--ast-global-color-5)","background-image":"","background-repeat":"repeat","background-position":"center center","background-size":"auto","background-attachment":"scroll","background-type":"","background-media":"","overlay-type":"","overlay-color":"","overlay-opacity":"","overlay-gradient":""},"tablet":{"background-color":"var(--ast-global-color-5)","background-image":"","background-repeat":"repeat","background-position":"center center","background-size":"auto","background-attachment":"scroll","background-type":"","background-media":"","overlay-type":"","overlay-color":"","overlay-opacity":"","overlay-gradient":""},"mobile":{"background-color":"var(--ast-global-color-5)","background-image":"","background-repeat":"repeat","background-position":"center center","background-size":"auto","background-attachment":"scroll","background-type":"","background-media":"","overlay-type":"","overlay-color":"","overlay-opacity":"","overlay-gradient":""}},"footnotes":""},"class_list":["post-2674","page","type-page","status-publish","hentry"],"uagb_featured_image_src":{"full":false,"thumbnail":false,"medium":false,"medium_large":false,"large":false,"1536x1536":false,"2048x2048":false,"htmega_size_585x295":false,"htmega_size_1170x536":false,"htmega_size_396x360":false},"uagb_author_info":{"display_name":"Daniel Hernandez","author_link":"https:\/\/festivales.espol.edu.ec\/smov\/author\/daalhern\/"},"uagb_comment_info":0,"uagb_excerpt":"INVITADOS Emma Camarero Doctora en Historia del Arte, profesora de Comunicaci\u00f3n. Directora del Servicio de Cultura y Formaci\u00f3n Complementaria. Universidad Loyola, Espa\u00f1a. Marcelo Leyton Teatrista, docente, director de proyectos en comunidad, pedagog\u00eda e investigaci\u00f3n. y subdirector de la Escuela de Artes Esc\u00e9nicas (UARTES). Juan Coba Caiza Master en estudios avanzados de Teatro. Actor, director y&hellip;","_links":{"self":[{"href":"https:\/\/festivales.espol.edu.ec\/smov\/wp-json\/wp\/v2\/pages\/2674","targetHints":{"allow":["GET"]}}],"collection":[{"href":"https:\/\/festivales.espol.edu.ec\/smov\/wp-json\/wp\/v2\/pages"}],"about":[{"href":"https:\/\/festivales.espol.edu.ec\/smov\/wp-json\/wp\/v2\/types\/page"}],"author":[{"embeddable":true,"href":"https:\/\/festivales.espol.edu.ec\/smov\/wp-json\/wp\/v2\/users\/870"}],"replies":[{"embeddable":true,"href":"https:\/\/festivales.espol.edu.ec\/smov\/wp-json\/wp\/v2\/comments?post=2674"}],"version-history":[{"count":83,"href":"https:\/\/festivales.espol.edu.ec\/smov\/wp-json\/wp\/v2\/pages\/2674\/revisions"}],"predecessor-version":[{"id":3390,"href":"https:\/\/festivales.espol.edu.ec\/smov\/wp-json\/wp\/v2\/pages\/2674\/revisions\/3390"}],"wp:attachment":[{"href":"https:\/\/festivales.espol.edu.ec\/smov\/wp-json\/wp\/v2\/media?parent=2674"}],"curies":[{"name":"wp","href":"https:\/\/api.w.org\/{rel}","templated":true}]}}